{"id":2778,"date":"2020-09-02T10:12:47","date_gmt":"2020-09-02T08:12:47","guid":{"rendered":"http:\/\/www.eurofue.articagency.eu\/?page_id=2778"},"modified":"2021-02-16T14:51:36","modified_gmt":"2021-02-16T13:51:36","slug":"presentacio-esmorzars-europa","status":"publish","type":"page","link":"https:\/\/eurofue.com\/ca\/presentacion-desayunos-europa\/","title":{"rendered":"Presentaci\u00f3 Esmorzars de Treball: Europa 2027"},"content":{"rendered":"<p>[et_pb_section fb_built=\u00bb1&#8243; _builder_version=\u00bb4.4.7&#8243;][et_pb_row _builder_version=\u00bb4.5.7&#8243;][et_pb_column type=\u00bb4_4&#8243; _builder_version=\u00bb4.4.7&#8243;][et_pb_image src=\u00bbhttp:\/\/www.eurofue.articagency.eu\/wp-content\/uploads\/2020\/09\/banner-web-desayunos-europa-1-v1.jpg\u00bb title_text=\u00bbbanner-web-desayunos-europa-1-v1&#8243; align=\u00bbcenter\u00bb _builder_version=\u00bb4.5.7&#8243; _module_preset=\u00bbdefault\u00bb width=\u00bb100%\u00bb custom_margin=\u00bb||37px|1px|false|false\u00bb custom_padding=\u00bb|0px|0px|||\u00bb][\/et_pb_image][et_pb_cta title=\u00bb30 SEPTIEMBRE 2020&#8243; button_text=\u00bbClics\u00bb _builder_version=\u00bb4.5.7&#8243; _module_preset=\u00bbdefault\u00bb background_color=\u00bb#00208a\u00bb width=\u00bb28.5%\u00bb custom_margin=\u00bb13px|97px|20px|0px|false|false\u00bb custom_padding=\u00bb|30px|0px|26px||\u00bb][\/et_pb_cta][et_pb_text _builder_version=\u00bb4.5.7&#8243;]<\/p>\n<p class=\"p1\">Se realizar\u00e1 un desayuno de presentaci\u00f3n con la participaci\u00f3n de los patronos de la FUE-UJI. Para poner en valor el ciclo de \u201cDesayunos de trabajo: EUROPA 2027\u201d se contar\u00e1 en su primera sesi\u00f3n con la colaboraci\u00f3n de un medio de comunicaci\u00f3n.<\/p>\n<p class=\"p1\" style=\"text-align: justify;\">\u00abDesayunos de trabajo: EUROPA 2027\u00bb es una nueva iniciativa de la Oficina de Proyectos Europeos e Internacionales de la FUE-UJI que contar\u00e1 con la participaci\u00f3n de los Patronos de la FUE-UJI con el objetivo de que conozcan de primera mano los nuevos mecanismos de financiaci\u00f3n de la UE dirigidos tanto a empresas como a entidades p\u00fablicas.<\/p>\n<p class=\"p1\" style=\"text-align: justify;\">El 1 de enero de 2021 se tendr\u00e1n que aprobar los nuevos Reglamentos Comunitarios que regir\u00e1n los programas europeos de inversi\u00f3n y de ayudas para el periodo 2021-2027. Estos programas van dirigidos a los objetivos de crecimiento de la Uni\u00f3n Europea. Para los pr\u00f3ximos 7 a\u00f1os, el Consejo de la Uni\u00f3n Europea y el Parlamento Europeo aprobar\u00e1n un presupuesto de m\u00e1s de 1.100.000 millones de euros, lo que supone m\u00e1s del 1 % del PIB del conjunto de la econom\u00eda de la Uni\u00f3n Europea. A esto hay que sumar el recientemente aprobado plan europeo Next Generation EU, un fondo de recuperaci\u00f3n que pretende garantizar una recuperaci\u00f3n sostenible, equitativa, inclusiva y justa para todos los Estados miembros.<\/p>\n<p class=\"p1\" style=\"text-align: justify;\">La Comisi\u00f3n Europea aplicar\u00e1 gran parte de este presupuesto a trav\u00e9s de programas operativos como la Pol\u00edtica Regional gestionados por los Estados Miembros y sus regiones. Pero, adem\u00e1s, existen otros programas vinculados a pol\u00edticas comunitarias gestionados directamente desde Bruselas y que cuentan con un presupuesto global de m\u00e1s de 120.000 m\u20ac. Estos planes apoyan financieramente acciones en los campos de la innovaci\u00f3n, el I+D, el medio ambiente, la energ\u00eda, etc. y la mayor\u00eda de ellos tienen un denominador com\u00fan: el valor a\u00f1adido europeo.<\/p>\n<p class=\"p3\"><span class=\"s2\"><\/span><\/p>\n<p>[\/et_pb_text][et_pb_cta button_text=\u00bbClics\u00bb _builder_version=\u00bb4.8.1&#8243; _module_preset=\u00bbdefault\u00bb background_color=\u00bb#00208a\u00bb width=\u00bb28.5%\u00bb custom_margin=\u00bb13px|97px|20px|0px|false|false\u00bb custom_padding=\u00bb|30px|0px|26px||\u00bb hover_enabled=\u00bb0&#8243; body_font_size=\u00bb17px\u00bb sticky_enabled=\u00bb0&#8243;]<\/p>\n<p><strong><a href=\"http:\/\/www.eurofue.articagency.eu\/wp-content\/uploads\/2021\/02\/Programa-Presentacion-Desayunos-2027.docx.pdf\" rel=\"attachment wp-att-3757 noopener noreferrer\" target=\"_blank\">DESCARGA EL PROGRAMA<\/a><\/strong><\/p>\n<p>[\/et_pb_cta][\/et_pb_column][\/et_pb_row][et_pb_row column_structure=\u00bb1_2,1_2&#8243; _builder_version=\u00bb4.5.7&#8243; _module_preset=\u00bbdefault\u00bb][et_pb_column type=\u00bb1_2&#8243; _builder_version=\u00bb4.5.7&#8243; _module_preset=\u00bbdefault\u00bb][et_pb_gallery gallery_ids=\u00bb2970,2962,2968,2956,2978,2966,2980&#8243; fullwidth=\u00bbon\u00bb _builder_version=\u00bb4.5.7&#8243; _module_preset=\u00bbdefault\u00bb][\/et_pb_gallery][\/et_pb_column][et_pb_column type=\u00bb1_2&#8243; _builder_version=\u00bb4.5.7&#8243; _module_preset=\u00bbdefault\u00bb][et_pb_gallery gallery_ids=\u00bb2876,2964,2960,2974,2972,2958,2976&#8243; fullwidth=\u00bbon\u00bb _builder_version=\u00bb4.5.7&#8243; _module_preset=\u00bbdefault\u00bb][\/et_pb_gallery][\/et_pb_column][\/et_pb_row][et_pb_row _builder_version=\u00bb4.6.6&#8243; _module_preset=\u00bbdefault\u00bb][et_pb_column type=\u00bb4_4&#8243; _builder_version=\u00bb4.6.6&#8243; _module_preset=\u00bbdefault\u00bb][et_pb_post_slider include_categories=\u00bb80&#8243; _builder_version=\u00bb4.6.6&#8243; _module_preset=\u00bbdefault\u00bb][\/et_pb_post_slider][\/et_pb_column][\/et_pb_row][\/et_pb_section]<\/p>\n","protected":false},"excerpt":{"rendered":"<p>[et_pb_section fb_built=\u00bb1&#8243; _builder_version=\u00bb4.4.7&#8243;][et_pb_row _builder_version=\u00bb4.5.7&#8243;][et_pb_column type=\u00bb4_4&#8243; _builder_version=\u00bb4.4.7&#8243;][et_pb_image src=\u00bbhttp:\/\/www.eurofue.articagency.eu\/wp-content\/uploads\/2020\/09\/banner-web-desayunos-europa-1-v1.jpg\u00bb title_text=\u00bbbanner-web-desayunos-europa-1-v1&#8243; align=\u00bbcenter\u00bb _builder_version=\u00bb4.5.7&#8243; _module_preset=\u00bbdefault\u00bb width=\u00bb100%\u00bb custom_margin=\u00bb||37px|1px|false|false\u00bb custom_padding=\u00bb|0px|0px|||\u00bb][\/et_pb_image][et_pb_cta title=\u00bb30 SEPTIEMBRE 2020&#8243; button_text=\u00bbClics\u00bb _builder_version=\u00bb4.5.7&#8243; _module_preset=\u00bbdefault\u00bb background_color=\u00bb#00208a\u00bb width=\u00bb28.5%\u00bb custom_margin=\u00bb13px|97px|20px|0px|false|false\u00bb custom_padding=\u00bb|30px|0px|26px||\u00bb][\/et_pb_cta][et_pb_text _builder_version=\u00bb4.5.7&#8243;] Se realizar\u00e1 un desayuno de presentaci\u00f3n con la participaci\u00f3n de los patronos de la FUE-UJI. Para poner en valor el ciclo de \u201cDesayunos de trabajo: EUROPA 2027\u201d se contar\u00e1 en [&hellip;]<\/p>\n","protected":false},"author":5,"featured_media":0,"parent":0,"menu_order":0,"comment_status":"closed","ping_status":"closed","template":"","meta":{"_monsterinsights_skip_tracking":false,"_monsterinsights_sitenote_active":false,"_monsterinsights_sitenote_note":"","_monsterinsights_sitenote_category":0,"footnotes":""},"class_list":["post-2778","page","type-page","status-publish","hentry"],"_links":{"self":[{"href":"https:\/\/eurofue.com\/ca\/wp-json\/wp\/v2\/pages\/2778","targetHints":{"allow":["GET"]}}],"collection":[{"href":"https:\/\/eurofue.com\/ca\/wp-json\/wp\/v2\/pages"}],"about":[{"href":"https:\/\/eurofue.com\/ca\/wp-json\/wp\/v2\/types\/page"}],"author":[{"embeddable":true,"href":"https:\/\/eurofue.com\/ca\/wp-json\/wp\/v2\/users\/5"}],"replies":[{"embeddable":true,"href":"https:\/\/eurofue.com\/ca\/wp-json\/wp\/v2\/comments?post=2778"}],"version-history":[{"count":0,"href":"https:\/\/eurofue.com\/ca\/wp-json\/wp\/v2\/pages\/2778\/revisions"}],"wp:attachment":[{"href":"https:\/\/eurofue.com\/ca\/wp-json\/wp\/v2\/media?parent=2778"}],"curies":[{"name":"wp","href":"https:\/\/api.w.org\/{rel}","templated":true}]}}